{"id":29,"date":"2023-05-09T10:03:06","date_gmt":"2023-05-09T10:03:06","guid":{"rendered":"https:\/\/cinemediterranee-distribution.fr\/?page_id=29"},"modified":"2024-01-09T20:49:59","modified_gmt":"2024-01-09T20:49:59","slug":"accueil","status":"publish","type":"page","link":"https:\/\/cinemediterranee-distribution.fr\/","title":{"rendered":"Accueil"},"content":{"rendered":"\n<div class=\"wp-block-carousel-slider-slider\"><div class=\"carousel-slider-outer carousel-slider-outer-image-carousel carousel-slider-outer-204\" style=\"--carousel-slider-nav-color:rgb(237,237,237);--carousel-slider-active-nav-color:rgb(241,145,1);--carousel-slider-arrow-size:55px;--carousel-slider-bullet-size:10px\">\n<div id=\"&#039;id-204\" class=\"carousel-slider carousel-slider-204 arrows-visibility-always dots-visibility-always arrows-inside dots-center dots-circle owl-carousel\" data-slide-type=\"image-carousel\" data-owl-settings='{\"nav\":true,\"dots\":true,\"slideBy\":1,\"stagePadding\":0,\"margin\":10,\"loop\":true,\"lazyLoad\":true,\"autoplay\":true,\"autoplayTimeout\":5000,\"autoplaySpeed\":300,\"autoplayHoverPause\":true,\"autoWidth\":false,\"items\":1}'>\n<div class=\"carousel-slider__item\">\n\t<a class=\"magnific-popup\" href=\"https:\/\/cinemediterranee-distribution.fr\/wp-content\/uploads\/2023\/05\/Felix-et-moi-6-2.jpg\" data-width=\"1796\" data-height=\"1197\"><img class=\"owl-lazy\" data-src=\"https:\/\/cinemediterranee-distribution.fr\/wp-content\/uploads\/2023\/05\/Felix-et-moi-6-2-1024x682.jpg\" alt=\"\"><\/a><\/div>\n\n<div class=\"carousel-slider__item\">\n\t<a class=\"magnific-popup\" href=\"https:\/\/cinemediterranee-distribution.fr\/wp-content\/uploads\/2023\/05\/Felix-et-moi-1-2.jpg\" data-width=\"2305\" data-height=\"1297\"><img class=\"owl-lazy\" data-src=\"https:\/\/cinemediterranee-distribution.fr\/wp-content\/uploads\/2023\/05\/Felix-et-moi-1-2-1024x576.jpg\" alt=\"\"><\/a><\/div>\n\n<div class=\"carousel-slider__item\">\n\t<a class=\"magnific-popup\" href=\"https:\/\/cinemediterranee-distribution.fr\/wp-content\/uploads\/2023\/05\/vlcsnap-2022-10-08-17h10m34s318-2.png\" data-width=\"1920\" data-height=\"1080\"><img class=\"owl-lazy\" data-src=\"https:\/\/cinemediterranee-distribution.fr\/wp-content\/uploads\/2023\/05\/vlcsnap-2022-10-08-17h10m34s318-2-1024x576.png\" alt=\"\"><\/a><\/div>\n\n<div class=\"carousel-slider__item\">\n\t<a class=\"magnific-popup\" href=\"https:\/\/cinemediterranee-distribution.fr\/wp-content\/uploads\/2023\/05\/Felix-et-moi-2-2.jpg\" data-width=\"2305\" data-height=\"1296\"><img class=\"owl-lazy\" data-src=\"https:\/\/cinemediterranee-distribution.fr\/wp-content\/uploads\/2023\/05\/Felix-et-moi-2-2-1024x576.jpg\" alt=\"\"><\/a><\/div>\n\n<div class=\"carousel-slider__item\">\n\t<a class=\"magnific-popup\" href=\"https:\/\/cinemediterranee-distribution.fr\/wp-content\/uploads\/2023\/05\/Felix-et-moi-3-2.jpg\" data-width=\"2305\" data-height=\"1297\"><img class=\"owl-lazy\" data-src=\"https:\/\/cinemediterranee-distribution.fr\/wp-content\/uploads\/2023\/05\/Felix-et-moi-3-2-1024x576.jpg\" alt=\"\"><\/a><\/div>\n\n<div class=\"carousel-slider__item\">\n\t<a class=\"magnific-popup\" href=\"https:\/\/cinemediterranee-distribution.fr\/wp-content\/uploads\/2023\/05\/vlcsnap-2022-10-08-16h05m49s295-2.png\" data-width=\"1920\" data-height=\"1080\"><img class=\"owl-lazy\" data-src=\"https:\/\/cinemediterranee-distribution.fr\/wp-content\/uploads\/2023\/05\/vlcsnap-2022-10-08-16h05m49s295-2-1024x576.png\" alt=\"\"><\/a><\/div>\n\n<\/div><!-- .carousel-slider-204 -->\n<\/div><!-- .carousel-slider-outer-204 -->\n<\/div>\n\n\n\n<div style=\"margin-top:0;margin-bottom:0;height:5rem\" aria-hidden=\"true\" class=\"wp-block-spacer\"><\/div>\n\n\n\n<h2 class=\"wp-block-heading has-text-color has-large-font-size\" id=\"felixetmoi\" style=\"color:#f19101;text-decoration:none;text-transform:none\">F\u00e9lix et moi<\/h2>\n\n\n\n<div class=\"wp-block-columns is-layout-flex wp-container-5\">\n<div class=\"wp-block-column is-layout-flow\" style=\"flex-basis:33.33%\">\n<figure class=\"wp-block-gallery has-nested-images columns-default is-cropped wp-block-gallery-1 is-layout-flex\" style=\"padding-top:0;padding-right:0;padding-bottom:0;padding-left:0\">\n<figure class=\"wp-block-image size-full\"><a href=\"https:\/\/cinemediterranee-distribution.fr\/wp-content\/uploads\/2023\/05\/FELIXETMOI-AFFICHE-web-V3-scaled.jpg\"><img decoding=\"async\" loading=\"lazy\" width=\"1810\" height=\"2560\" src=\"https:\/\/cinemediterranee-distribution.fr\/wp-content\/uploads\/2023\/05\/FELIXETMOI-AFFICHE-web-V3-scaled.jpg\" alt=\"\" class=\"wp-image-130\" srcset=\"https:\/\/cinemediterranee-distribution.fr\/wp-content\/uploads\/2023\/05\/FELIXETMOI-AFFICHE-web-V3-scaled.jpg 1810w, https:\/\/cinemediterranee-distribution.fr\/wp-content\/uploads\/2023\/05\/FELIXETMOI-AFFICHE-web-V3-212x300.jpg 212w, https:\/\/cinemediterranee-distribution.fr\/wp-content\/uploads\/2023\/05\/FELIXETMOI-AFFICHE-web-V3-724x1024.jpg 724w, https:\/\/cinemediterranee-distribution.fr\/wp-content\/uploads\/2023\/05\/FELIXETMOI-AFFICHE-web-V3-768x1086.jpg 768w, https:\/\/cinemediterranee-distribution.fr\/wp-content\/uploads\/2023\/05\/FELIXETMOI-AFFICHE-web-V3-1086x1536.jpg 1086w, https:\/\/cinemediterranee-distribution.fr\/wp-content\/uploads\/2023\/05\/FELIXETMOI-AFFICHE-web-V3-1448x2048.jpg 1448w\" sizes=\"(max-width: 1810px) 100vw, 1810px\" \/><\/a><\/figure>\n<\/figure>\n<\/div>\n\n\n\n<div class=\"wp-block-column is-vertically-aligned-center is-layout-flow\" style=\"flex-basis:66.66%\">\n<figure class=\"wp-block-table\" style=\"margin-top:0;margin-right:0;margin-bottom:0;margin-left:0;padding-top:0;padding-right:0;padding-bottom:var(--wp--preset--spacing--80);padding-left:0\"><table><tbody><tr><td>TITRE<\/td><td>F\u00c9LIX ET MOI<\/td><\/tr><tr><td>R\u00c9ALISATEUR<\/td><td>LUC BENITO<\/td><\/tr><tr><td>ACTEURS<\/td><td>CHARLES BERLING ET FRAN\u00c7OIS MOREL<\/td><\/tr><tr><td>ANN\u00c9E DE PRODUCTION<\/td><td>2022<\/td><\/tr><tr><td>DUR\u00c9E<\/td><td>1H38 (98min)<\/td><\/tr><tr><td>PAYS<\/td><td>FRANCE<\/td><\/tr><tr><td>DATE DE SORTIE<\/td><td>24 janvier 2024<\/td><\/tr><tr><td>PRODUCTION<\/td><td>LES FILMS DU SIOU BLANC<\/td><\/tr><tr><td>GENRE<\/td><td>DOCUMENTAIRE<\/td><\/tr><tr><td>VISA<\/td><td>159523<\/td><\/tr><\/tbody><\/table><\/figure>\n<\/div>\n<\/div>\n\n\n\n<div class=\"wp-block-columns are-vertically-aligned-bottom is-layout-flex wp-container-8\" style=\"padding-top:0;padding-right:0;padding-bottom:0;padding-left:0\">\n<div class=\"wp-block-column is-vertically-aligned-bottom is-layout-flow\">\n<h2 class=\"wp-block-heading has-text-color has-large-font-size\" style=\"color:#f19101;padding-top:0;padding-bottom:3rem\">R\u00e9sum\u00e9<\/h2>\n\n\n\n<p><\/p>\n\n\n\n<p style=\"text-align: justify; padding: 0 1rem var(--wp--preset--spacing--70) 0;\">Dans F\u00e9lix et moi, le spectateur part sur les traces de Mayol, la plus grande vedette du d\u00e9but du XIXe si\u00e8cle, d\u00e9sormais totalement oubli\u00e9e dont Luc Benito nous montre pourtant \u00e0 quel point son parcours fait encore \u00e9cho aujourd\u2019hui. Le film dresse le portrait d\u2019un grand monsieur de la chanson, derri\u00e8re lequel se cache surtout une belle personne, mais qui fut en son temps bless\u00e9e et humili\u00e9e en raison de son homosexualit\u00e9 jamais r\u00e9v\u00e9l\u00e9e au grand public.<\/p>\n\n\n\n<div class=\"wp-block-wpzoom-blocks-social-icons is-style-with-label-canvas-rounded show-icon-labels-style\" style=\"--wpz-social-icons-block-item-font-size:18px;--wpz-social-icons-block-item-padding-horizontal:5px;--wpz-social-icons-block-item-padding-vertical:5px;--wpz-social-icons-block-item-margin-horizontal:5px;--wpz-social-icons-block-item-margin-vertical:5px;--wpz-social-icons-block-item-border-radius:37px;--wpz-social-icons-block-label-font-size:15px;--wpz-social-icons-block-label-color:#fff;--wpz-social-icons-block-label-color-hover:#fff;--wpz-social-icons-alignment:flex-start\"><a href=\"https:\/\/www.facebook.com\/Felixetmoilefilm\" class=\"social-icon-link\" target=\"_blank\" rel=\"noopener\" title=\"Facebook\" style=\"--wpz-social-icons-block-item-color:#f19101;--wpz-social-icons-block-item-color-hover:#1a6bac\"><span class=\"social-icon socicon socicon-facebook\"><\/span><span class=\"icon-label\">Facebook<\/span><\/a><a href=\"https:\/\/www.youtube.com\/@Felixetmoi-xd6rp\" class=\"social-icon-link\" target=\"_blank\" rel=\"noopener\" title=\"Youtube\" style=\"--wpz-social-icons-block-item-color:#f19101;--wpz-social-icons-block-item-color-hover:#b12121\"><span class=\"social-icon socicon socicon-youtube\"><\/span><span class=\"icon-label\">Youtube<\/span><\/a><a href=\"https:\/\/instagram.com\/felix_et_moi_le_film?igshid=NTc4MTIwNjQ2YQ==\" class=\"social-icon-link\" target=\"_blank\" rel=\"noopener\" title=\"Instagram\" style=\"--wpz-social-icons-block-item-color:#f19101;--wpz-social-icons-block-item-color-hover:#E4405F\"><span class=\"social-icon socicon socicon-instagram\"><\/span><span class=\"icon-label\">Instagram<\/span><\/a><a href=\"https:\/\/www.allocine.fr\/film\/fichefilm_gen_cfilm=320882.html\" class=\"social-icon-link\" target=\"_blank\" rel=\"noopener\" title=\"Allocin\u00e9\" style=\"--wpz-social-icons-block-item-color:#f19101;--wpz-social-icons-block-item-color-hover:#f2bc18\"><span class=\"social-icon fas fa-film\"><\/span><span class=\"icon-label\">Allocin\u00e9<\/span><\/a><\/div>\n<\/div>\n\n\n\n<div class=\"wp-block-column is-vertically-aligned-bottom is-layout-flow\" style=\"padding-left:0\">\n<h2 class=\"wp-block-heading has-text-color has-large-font-size\" style=\"color:#f19101;margin-top:0;padding-top:0;padding-bottom:0;text-decoration:none\">Bande-annonce<\/h2>\n\n\n\n<figure class=\"wp-block-embed is-type-video is-provider-youtube wp-block-embed-youtube wp-embed-aspect-16-9 wp-has-aspect-ratio\"><div class=\"wp-block-embed__wrapper\">\n<div class=\"ast-oembed-container\" style=\"height: 100%;\"><iframe loading=\"lazy\" title=\"F\u00c9LIX ET MOI (bande annonce)\" width=\"500\" height=\"281\" src=\"https:\/\/www.youtube.com\/embed\/ggFJAnURgyk?feature=oembed\" frameborder=\"0\" allow=\"accelerometer; autoplay; clipboard-write; encrypted-media; gyroscope; picture-in-picture; web-share\" allowfullscreen><\/iframe><\/div>\n<\/div><\/figure>\n<\/div>\n<\/div>\n\n\n\n<div style=\"margin-top:0;margin-bottom:0;height:100px\" aria-hidden=\"true\" class=\"wp-block-spacer\"><\/div>\n\n\n\n<h2 class=\"wp-block-heading has-text-align-center has-text-color has-x-large-font-size\" id=\"T\u00e9l\u00e9charger\" style=\"color:#f19101\">&nbsp;&nbsp;\u00c0 t\u00e9l\u00e9charger<\/h2>\n\n\n\n<div class=\"wp-block-columns is-layout-flex wp-container-18\">\n<div class=\"wp-block-column is-vertically-aligned-center has-medium-font-size is-layout-flow\" style=\"border-style:none;border-width:0px;padding-top:0;padding-right:0;padding-bottom:0;padding-left:0\">\n<figure class=\"wp-block-gallery has-nested-images columns-2 is-cropped wp-block-gallery-9 is-layout-flex\" style=\"margin-right:var(--wp--preset--spacing--50)\">\n<figure class=\"wp-block-image size-large\"><a href=\"https:\/\/cinemediterranee-distribution.fr\/wp-content\/uploads\/2023\/05\/Felix-et-moi-2-2.jpg\"><img decoding=\"async\" loading=\"lazy\" width=\"2305\" height=\"1296\" src=\"https:\/\/cinemediterranee-distribution.fr\/wp-content\/uploads\/2023\/05\/Felix-et-moi-2-2.jpg\" alt=\"\" class=\"wp-image-206\" srcset=\"https:\/\/cinemediterranee-distribution.fr\/wp-content\/uploads\/2023\/05\/Felix-et-moi-2-2.jpg 2305w, https:\/\/cinemediterranee-distribution.fr\/wp-content\/uploads\/2023\/05\/Felix-et-moi-2-2-300x169.jpg 300w, https:\/\/cinemediterranee-distribution.fr\/wp-content\/uploads\/2023\/05\/Felix-et-moi-2-2-1024x576.jpg 1024w, https:\/\/cinemediterranee-distribution.fr\/wp-content\/uploads\/2023\/05\/Felix-et-moi-2-2-768x432.jpg 768w, https:\/\/cinemediterranee-distribution.fr\/wp-content\/uploads\/2023\/05\/Felix-et-moi-2-2-1536x864.jpg 1536w, https:\/\/cinemediterranee-distribution.fr\/wp-content\/uploads\/2023\/05\/Felix-et-moi-2-2-2048x1152.jpg 2048w\" sizes=\"(max-width: 2305px) 100vw, 2305px\" \/><\/a><figcaption class=\"wp-element-caption\"><a href=\"https:\/\/cinemediterranee-distribution.fr\/wp-content\/uploads\/2023\/05\/Felix-et-moi-2-2.jpg\" download=\"https:\/\/cinemediterranee-distribution.fr\/wp-content\/uploads\/2023\/05\/Felix-et-moi-2-2.jpg\" data-type=\"URL\" data-id=\"https:\/\/cinemediterranee-distribution.fr\/wp-content\/uploads\/2023\/05\/Felix-et-moi-2-2.jpg\"><strong>T\u00e9l\u00e9charger l&#8217;image<\/strong><\/a><\/figcaption><\/figure>\n\n\n\n<figure class=\"wp-block-image size-medium\"><a href=\"https:\/\/cinemediterranee-distribution.fr\/wp-content\/uploads\/2023\/05\/Felix-et-moi-6-4.jpg\"><img decoding=\"async\" loading=\"lazy\" width=\"300\" height=\"200\" src=\"https:\/\/cinemediterranee-distribution.fr\/wp-content\/uploads\/2023\/05\/Felix-et-moi-6-4-300x200.jpg\" alt=\"\" class=\"wp-image-316\" srcset=\"https:\/\/cinemediterranee-distribution.fr\/wp-content\/uploads\/2023\/05\/Felix-et-moi-6-4-300x200.jpg 300w, https:\/\/cinemediterranee-distribution.fr\/wp-content\/uploads\/2023\/05\/Felix-et-moi-6-4-1024x682.jpg 1024w, https:\/\/cinemediterranee-distribution.fr\/wp-content\/uploads\/2023\/05\/Felix-et-moi-6-4-768x512.jpg 768w, https:\/\/cinemediterranee-distribution.fr\/wp-content\/uploads\/2023\/05\/Felix-et-moi-6-4-1536x1024.jpg 1536w, https:\/\/cinemediterranee-distribution.fr\/wp-content\/uploads\/2023\/05\/Felix-et-moi-6-4.jpg 1796w\" sizes=\"(max-width: 300px) 100vw, 300px\" \/><\/a><figcaption class=\"wp-element-caption\"><a href=\"https:\/\/cinemediterranee-distribution.fr\/wp-content\/uploads\/2023\/05\/Felix-et-moi-6-3.jpg\" download=\"https:\/\/cinemediterranee-distribution.fr\/wp-content\/uploads\/2023\/05\/Felix-et-moi-6-3.jpg\" data-type=\"URL\" data-id=\"https:\/\/cinemediterranee-distribution.fr\/wp-content\/uploads\/2023\/05\/Felix-et-moi-6-3.jpg\"><strong>T\u00e9l\u00e9charger l&#8217;image<\/strong><\/a><\/figcaption><\/figure>\n\n\n\n<figure class=\"wp-block-image size-large\"><a href=\"https:\/\/cinemediterranee-distribution.fr\/wp-content\/uploads\/2023\/05\/Felix-et-moi-1-2.jpg\"><img decoding=\"async\" loading=\"lazy\" width=\"2305\" height=\"1297\" src=\"https:\/\/cinemediterranee-distribution.fr\/wp-content\/uploads\/2023\/05\/Felix-et-moi-1-2.jpg\" alt=\"\" class=\"wp-image-205\" srcset=\"https:\/\/cinemediterranee-distribution.fr\/wp-content\/uploads\/2023\/05\/Felix-et-moi-1-2.jpg 2305w, https:\/\/cinemediterranee-distribution.fr\/wp-content\/uploads\/2023\/05\/Felix-et-moi-1-2-300x169.jpg 300w, https:\/\/cinemediterranee-distribution.fr\/wp-content\/uploads\/2023\/05\/Felix-et-moi-1-2-1024x576.jpg 1024w, https:\/\/cinemediterranee-distribution.fr\/wp-content\/uploads\/2023\/05\/Felix-et-moi-1-2-768x432.jpg 768w, https:\/\/cinemediterranee-distribution.fr\/wp-content\/uploads\/2023\/05\/Felix-et-moi-1-2-1536x864.jpg 1536w, https:\/\/cinemediterranee-distribution.fr\/wp-content\/uploads\/2023\/05\/Felix-et-moi-1-2-2048x1152.jpg 2048w\" sizes=\"(max-width: 2305px) 100vw, 2305px\" \/><\/a><figcaption class=\"wp-element-caption\"><strong><a href=\"https:\/\/cinemediterranee-distribution.fr\/wp-content\/uploads\/2023\/05\/Felix-et-moi-1-2.jpg\" download=\"https:\/\/cinemediterranee-distribution.fr\/wp-content\/uploads\/2023\/05\/Felix-et-moi-1-2.jpg\" data-type=\"URL\" data-id=\"https:\/\/cinemediterranee-distribution.fr\/wp-content\/uploads\/2023\/05\/Felix-et-moi-1-2.jpg\">T\u00e9l\u00e9charger l&#8217;image<\/a><\/strong><\/figcaption><\/figure>\n\n\n\n<figure class=\"wp-block-image size-large\"><a href=\"https:\/\/cinemediterranee-distribution.fr\/wp-content\/uploads\/2023\/05\/Felix-et-moi-3-2.jpg\"><img decoding=\"async\" loading=\"lazy\" width=\"2305\" height=\"1297\" src=\"https:\/\/cinemediterranee-distribution.fr\/wp-content\/uploads\/2023\/05\/Felix-et-moi-3-2.jpg\" alt=\"\" class=\"wp-image-207\" srcset=\"https:\/\/cinemediterranee-distribution.fr\/wp-content\/uploads\/2023\/05\/Felix-et-moi-3-2.jpg 2305w, https:\/\/cinemediterranee-distribution.fr\/wp-content\/uploads\/2023\/05\/Felix-et-moi-3-2-300x169.jpg 300w, https:\/\/cinemediterranee-distribution.fr\/wp-content\/uploads\/2023\/05\/Felix-et-moi-3-2-1024x576.jpg 1024w, https:\/\/cinemediterranee-distribution.fr\/wp-content\/uploads\/2023\/05\/Felix-et-moi-3-2-768x432.jpg 768w, https:\/\/cinemediterranee-distribution.fr\/wp-content\/uploads\/2023\/05\/Felix-et-moi-3-2-1536x864.jpg 1536w, https:\/\/cinemediterranee-distribution.fr\/wp-content\/uploads\/2023\/05\/Felix-et-moi-3-2-2048x1152.jpg 2048w\" sizes=\"(max-width: 2305px) 100vw, 2305px\" \/><\/a><figcaption class=\"wp-element-caption\"><a href=\"https:\/\/cinemediterranee-distribution.fr\/wp-content\/uploads\/2023\/05\/Felix-et-moi-3-2.jpg\" download=\"https:\/\/cinemediterranee-distribution.fr\/wp-content\/uploads\/2023\/05\/Felix-et-moi-3-2.jpg\" data-type=\"URL\" data-id=\"https:\/\/cinemediterranee-distribution.fr\/wp-content\/uploads\/2023\/05\/Felix-et-moi-3-2.jpg\"><strong>T\u00e9l\u00e9charger l&#8217;image<\/strong><\/a><\/figcaption><\/figure>\n\n\n\n<figure class=\"wp-block-image size-large\"><a href=\"https:\/\/cinemediterranee-distribution.fr\/wp-content\/uploads\/2023\/05\/vlcsnap-2022-10-08-17h10m34s318-2.png\"><img decoding=\"async\" loading=\"lazy\" width=\"1920\" height=\"1080\" src=\"https:\/\/cinemediterranee-distribution.fr\/wp-content\/uploads\/2023\/05\/vlcsnap-2022-10-08-17h10m34s318-2.png\" alt=\"\" class=\"wp-image-210\" srcset=\"https:\/\/cinemediterranee-distribution.fr\/wp-content\/uploads\/2023\/05\/vlcsnap-2022-10-08-17h10m34s318-2.png 1920w, https:\/\/cinemediterranee-distribution.fr\/wp-content\/uploads\/2023\/05\/vlcsnap-2022-10-08-17h10m34s318-2-300x169.png 300w, https:\/\/cinemediterranee-distribution.fr\/wp-content\/uploads\/2023\/05\/vlcsnap-2022-10-08-17h10m34s318-2-1024x576.png 1024w, https:\/\/cinemediterranee-distribution.fr\/wp-content\/uploads\/2023\/05\/vlcsnap-2022-10-08-17h10m34s318-2-768x432.png 768w, https:\/\/cinemediterranee-distribution.fr\/wp-content\/uploads\/2023\/05\/vlcsnap-2022-10-08-17h10m34s318-2-1536x864.png 1536w\" sizes=\"(max-width: 1920px) 100vw, 1920px\" \/><\/a><figcaption class=\"wp-element-caption\"><a href=\"https:\/\/cinemediterranee-distribution.fr\/wp-content\/uploads\/2023\/05\/vlcsnap-2022-10-08-17h10m34s318-2.png\" download=\"https:\/\/cinemediterranee-distribution.fr\/wp-content\/uploads\/2023\/05\/vlcsnap-2022-10-08-17h10m34s318-2.png\" data-type=\"URL\" data-id=\"https:\/\/cinemediterranee-distribution.fr\/wp-content\/uploads\/2023\/05\/vlcsnap-2022-10-08-17h10m34s318-2.png\"><strong>T\u00e9l\u00e9charger l&#8217;image<\/strong><\/a><\/figcaption><\/figure>\n\n\n\n<figure class=\"wp-block-image size-large\"><a href=\"https:\/\/cinemediterranee-distribution.fr\/wp-content\/uploads\/2023\/05\/vlcsnap-2022-10-08-16h05m49s295-3.png\"><img decoding=\"async\" loading=\"lazy\" width=\"1920\" height=\"1080\" src=\"https:\/\/cinemediterranee-distribution.fr\/wp-content\/uploads\/2023\/05\/vlcsnap-2022-10-08-16h05m49s295-3.png\" alt=\"\" class=\"wp-image-325\" srcset=\"https:\/\/cinemediterranee-distribution.fr\/wp-content\/uploads\/2023\/05\/vlcsnap-2022-10-08-16h05m49s295-3.png 1920w, https:\/\/cinemediterranee-distribution.fr\/wp-content\/uploads\/2023\/05\/vlcsnap-2022-10-08-16h05m49s295-3-300x169.png 300w, https:\/\/cinemediterranee-distribution.fr\/wp-content\/uploads\/2023\/05\/vlcsnap-2022-10-08-16h05m49s295-3-1024x576.png 1024w, https:\/\/cinemediterranee-distribution.fr\/wp-content\/uploads\/2023\/05\/vlcsnap-2022-10-08-16h05m49s295-3-768x432.png 768w, https:\/\/cinemediterranee-distribution.fr\/wp-content\/uploads\/2023\/05\/vlcsnap-2022-10-08-16h05m49s295-3-1536x864.png 1536w\" sizes=\"(max-width: 1920px) 100vw, 1920px\" \/><\/a><figcaption class=\"wp-element-caption\"><a href=\"https:\/\/cinemediterranee-distribution.fr\/wp-content\/uploads\/2023\/05\/vlcsnap-2022-10-08-16h05m49s295-3.png\" download=\"https:\/\/cinemediterranee-distribution.fr\/wp-content\/uploads\/2023\/05\/vlcsnap-2022-10-08-16h05m49s295-3.png\" data-type=\"URL\" data-id=\"https:\/\/cinemediterranee-distribution.fr\/wp-content\/uploads\/2023\/05\/vlcsnap-2022-10-08-16h05m49s295-3.png\"><strong>T\u00e9l\u00e9charger l&#8217;image<\/strong><\/a><\/figcaption><\/figure>\n<\/figure>\n<\/div>\n\n\n\n<div class=\"wp-block-column is-layout-flow wp-container-17\">\n<div style=\"height:61px\" aria-hidden=\"true\" class=\"wp-block-spacer\"><\/div>\n\n\n\n<div class=\"wp-block-buttons has-custom-font-size has-medium-font-size is-horizontal is-content-justification-left is-nowrap is-layout-flex wp-container-12\" style=\"margin-top:0;margin-bottom:0\">\n<div class=\"wp-block-button\" style=\"text-decoration:underline\"><a class=\"wp-block-button__link has-text-color has-background has-text-align-left wp-element-button\" href=\"https:\/\/cinemediterranee-distribution.fr\/wp-content\/uploads\/2024\/01\/FELIXetMOI-AFFICHE-pourweb-scaled.jpg\" style=\"color:#f19101;background-color:#ffffff00\">Affiche HD format portrait<\/a><\/div>\n\n\n\n<div class=\"wp-block-button\" style=\"text-decoration:underline\"><a class=\"wp-block-button__link has-ast-global-color-5-color has-text-color has-background has-text-align-left wp-element-button\" href=\"https:\/\/cinemediterranee-distribution.fr\/wp-content\/uploads\/2024\/01\/FELIXetMOI-AFFICHE-pourweb-scaled.jpg\" style=\"background-color:#ffffff00\"><i class=\"fas fa-download\"><\/i><\/a><\/div>\n<\/div>\n\n\n\n<div class=\"wp-block-buttons has-custom-font-size has-medium-font-size is-content-justification-left is-nowrap is-layout-flex wp-container-13\" style=\"margin-top:0;margin-bottom:0\">\n<div class=\"wp-block-button\" style=\"text-decoration:underline\"><a class=\"wp-block-button__link has-text-color has-background has-text-align-left wp-element-button\" href=\"https:\/\/cinemediterranee-distribution.fr\/wp-content\/uploads\/2024\/01\/FELIXetMOI-AFFICHE-PAYSAGE-pourweb-scaled.jpg\" style=\"color:#f19101;background-color:#ffffff00\">Affiche HD format paysage<\/a><\/div>\n\n\n\n<div class=\"wp-block-button\" style=\"text-decoration:underline\"><a class=\"wp-block-button__link has-ast-global-color-5-color has-text-color has-background has-text-align-left wp-element-button\" href=\"https:\/\/cinemediterranee-distribution.fr\/wp-content\/uploads\/2024\/01\/FELIXetMOI-AFFICHE-PAYSAGE-pourweb-scaled.jpg\" style=\"background-color:#ffffff00\"><i class=\"fas fa-download\"><\/i><\/a><\/div>\n<\/div>\n\n\n\n<div class=\"wp-block-buttons has-custom-font-size has-medium-font-size is-content-justification-left is-nowrap is-layout-flex wp-container-14\" style=\"margin-top:0;margin-bottom:0\">\n<div class=\"wp-block-button\" style=\"text-decoration:underline\"><a class=\"wp-block-button__link has-text-color has-background has-text-align-left wp-element-button\" href=\"https:\/\/cinemediterranee-distribution.fr\/wp-content\/uploads\/2023\/11\/FELIXetMOI-DP-04.pdf\" style=\"color:#f19101;background-color:#ffffff00\">Dossier de presse (.pdf)<\/a><\/div>\n\n\n\n<div class=\"wp-block-button\" style=\"text-decoration:underline\"><a class=\"wp-block-button__link has-ast-global-color-5-color has-text-color has-background has-text-align-left wp-element-button\" href=\"https:\/\/cinemediterranee-distribution.fr\/wp-content\/uploads\/2024\/01\/FELIXetMOI-AFFICHE-PAYSAGE-pourweb-scaled.jpg\" style=\"background-color:#ffffff00\"><i class=\"fas fa-download\"><\/i><\/a><\/div>\n<\/div>\n\n\n\n<div class=\"wp-block-buttons has-custom-font-size has-medium-font-size is-content-justification-left is-nowrap is-layout-flex wp-container-15\" style=\"margin-top:0;margin-bottom:0\">\n<div class=\"wp-block-button\" style=\"text-decoration:underline\"><a class=\"wp-block-button__link has-text-color has-background has-text-align-left wp-element-button\" href=\"https:\/\/drive.google.com\/drive\/u\/1\/folders\/1cxSyLV2YbDYVrrWvGdenyHwAYY4laCF6\" style=\"color:#f19101;background-color:#ffffff00\" target=\"_blank\" rel=\"noreferrer noopener\">Bande Annonce format DCP<\/a><\/div>\n\n\n\n<div class=\"wp-block-button\" style=\"text-decoration:underline\"><a class=\"wp-block-button__link has-ast-global-color-5-color has-text-color has-background has-text-align-left wp-element-button\" href=\"https:\/\/drive.google.com\/drive\/u\/1\/folders\/1cxSyLV2YbDYVrrWvGdenyHwAYY4laCF6\" style=\"background-color:#ffffff00\" target=\"_blank\" rel=\"noreferrer noopener\"><i class=\"fas fa-download\"><\/i><\/a><\/div>\n<\/div>\n\n\n\n<div class=\"wp-block-buttons has-custom-font-size has-medium-font-size is-content-justification-left is-nowrap is-layout-flex wp-container-16\" style=\"margin-top:0;margin-bottom:0\">\n<div class=\"wp-block-button\" style=\"text-decoration:underline\"><a class=\"wp-block-button__link has-text-color has-background has-text-align-left wp-element-button\" href=\"https:\/\/drive.google.com\/drive\/u\/1\/folders\/1cxSyLV2YbDYVrrWvGdenyHwAYY4laCF6\" style=\"color:#f19101;background-color:#ffffff00\" target=\"_blank\" rel=\"noreferrer noopener\">Bande Annonce .mp4<\/a><\/div>\n\n\n\n<div class=\"wp-block-button\" style=\"text-decoration:underline\"><a class=\"wp-block-button__link has-ast-global-color-5-color has-text-color has-background has-text-align-left wp-element-button\" href=\"https:\/\/drive.google.com\/drive\/u\/1\/folders\/1cxSyLV2YbDYVrrWvGdenyHwAYY4laCF6\" style=\"background-color:#ffffff00\" target=\"_blank\" rel=\"noreferrer noopener\"><i class=\"fas fa-download\"><\/i><\/a><\/div>\n<\/div>\n<\/div>\n<\/div>\n\n\n\n<div style=\"margin-top:0;margin-bottom:0;height:100px\" aria-hidden=\"true\" class=\"wp-block-spacer\"><\/div>\n\n\n\n<h2 class=\"wp-block-heading has-text-color has-large-font-size\" id=\"S\u00e9ances\" style=\"color:#f19101;margin-bottom:var(--wp--preset--spacing--60)\">Les s\u00e9ances \u00e0 venir<\/h2>\n\n\n\n<ul>\n<li>Mercredi 17 janvier 2024- Le Rex &#8211; Ch\u00e2teaurenard 13160<\/li>\n\n\n\n<li>Vendredi 19 janvier 2024 &#8211; Clap Cin\u00e9 &#8211; Carmaux 81400<\/li>\n\n\n\n<li>20 janvier 2024 &#8211; Les cin\u00e9mas de Millau &#8211; Millau 12100 <\/li>\n\n\n\n<li>20 janvier 2024 &#8211; Le Clap &#8211; Boll\u00e8ne 84500<\/li>\n\n\n\n<li>Du 24 janvier au 6 f\u00e9vrier 2024 &#8211; Espace Saint-Michel &#8211; 75005 Paris <\/li>\n\n\n\n<li>Du 24 janvier 2024 au 21 janvier 2025 &#8211; Six n\u00c9toiles &#8211; Six-Fours-les-Plages 83129<\/li>\n\n\n\n<li>Du 24 au 30  janvier 2024 &#8211; Le Royal &#8211; Toulon 83200<\/li>\n\n\n\n<li>Du 24 au 30  janvier 2024 &#8211; Clap Cin\u00e9 &#8211; Carmaux 81400<\/li>\n\n\n\n<li>Du 24 au 30  janvier 2024 &#8211; Le Castillet &#8211; Perpignan 66000<\/li>\n\n\n\n<li>Vendredi 26 janvier 2024 &#8211; Le Capitole &#8211; Suresnes 92073<\/li>\n\n\n\n<li>Du 31 janvier au 6 f\u00e9vrier 2024 &#8211; Cin\u00e9 municipal 102 &#8211; Pont-Saint-Esprit 30202<\/li>\n\n\n\n<li>7 f\u00e9vrier 2024 &#8211; Cin\u00e9 89 &#8211; Berre 13477<\/li>\n\n\n\n<li>Du 7 au 20 f\u00e9vrier 2024 &#8211; Cin\u00e9ma Actes Sud &#8211; Arles 13200<\/li>\n\n\n\n<li>9 f\u00e9vrier 2024 et du 14 au 20 f\u00e9vrier &#8211; L&#8217;Odyss\u00e9e &#8211; Fos-sur-Mer 13270<\/li>\n<\/ul>\n\n\n\n<div class=\"wp-block-columns is-layout-flex wp-container-23\">\n<div class=\"wp-block-column is-layout-flow\">\n<h2 class=\"wp-block-heading has-text-color\" id=\"Actualit\u00e9s\" style=\"color:#f19101;font-size:35px\">Actualit\u00e9s<\/h2>\n\n\n\n<figure class=\"wp-block-image size-large\"><img decoding=\"async\" loading=\"lazy\" width=\"1024\" height=\"576\" src=\"https:\/\/cinemediterranee-distribution.fr\/wp-content\/uploads\/2023\/05\/Sans-titre-1-1-1024x576.png\" alt=\"\" class=\"wp-image-163\" srcset=\"https:\/\/cinemediterranee-distribution.fr\/wp-content\/uploads\/2023\/05\/Sans-titre-1-1-1024x576.png 1024w, https:\/\/cinemediterranee-distribution.fr\/wp-content\/uploads\/2023\/05\/Sans-titre-1-1-300x169.png 300w, https:\/\/cinemediterranee-distribution.fr\/wp-content\/uploads\/2023\/05\/Sans-titre-1-1-768x432.png 768w, https:\/\/cinemediterranee-distribution.fr\/wp-content\/uploads\/2023\/05\/Sans-titre-1-1-1536x864.png 1536w, https:\/\/cinemediterranee-distribution.fr\/wp-content\/uploads\/2023\/05\/Sans-titre-1-1.png 1920w\" sizes=\"(max-width: 1024px) 100vw, 1024px\" \/><\/figure>\n\n\n\n<p class=\"has-text-align-center\" style=\"margin-top:0;margin-right:0;margin-bottom:0;margin-left:0;font-style:normal;font-weight:700\">F\u00c9LIX ET MOI<\/p>\n\n\n\n<p class=\"has-text-align-center\" style=\"margin-top:0;margin-right:0;margin-bottom:0;margin-left:0\">Sortie nationale 24 janvier 2024<\/p>\n<\/div>\n\n\n\n<div class=\"wp-block-column is-layout-flow\">\n<h2 class=\"wp-block-heading has-text-color\" id=\"Contact\" style=\"color:#f19101;margin-bottom:var(--wp--preset--spacing--80)\">Contact<\/h2>\n\n\n\n<div class=\"wp-block-buttons has-custom-font-size has-medium-font-size is-horizontal is-content-justification-left is-nowrap is-layout-flex wp-container-20\" style=\"margin-top:0;margin-bottom:0\">\n<div class=\"wp-block-button has-custom-font-size\" style=\"font-size:23px;text-decoration:none\"><a class=\"wp-block-button__link has-ast-global-color-5-color has-text-color has-background has-text-align-left wp-element-button\" style=\"background-color:#ffffff00\"><i class=\"fas fa-phone\"><\/i><\/a><\/div>\n\n\n\n<div class=\"wp-block-button has-custom-font-size\" style=\"font-size:23px;text-decoration:none\"><a class=\"wp-block-button__link has-text-color has-background has-text-align-left wp-element-button\" style=\"color:#f19101;background-color:#ffffff00\">07 61 38 27 46<\/a><\/div>\n<\/div>\n\n\n\n<div class=\"wp-block-buttons has-custom-font-size has-medium-font-size is-horizontal is-content-justification-left is-nowrap is-layout-flex wp-container-21\" style=\"margin-top:0;margin-bottom:0\">\n<div class=\"wp-block-button has-custom-font-size\" style=\"font-size:23px;text-decoration:none\"><a class=\"wp-block-button__link has-ast-global-color-5-color has-text-color has-background has-text-align-left wp-element-button\" style=\"background-color:#ffffff00\"><i class=\"fas fa-envelope\"><\/i><\/a><\/div>\n\n\n\n<div class=\"wp-block-button has-custom-font-size\" style=\"font-size:19px;text-decoration:underline\"><a class=\"wp-block-button__link has-text-color has-background has-text-align-left wp-element-button\" href=\"mailto:distribution@cinemediterranee.fr\" style=\"color:#f19101;background-color:#ffffff00\">distribution@cinemediterranee.fr<\/a><\/div>\n<\/div>\n<\/div>\n<\/div>\n\n\n\n<div style=\"margin-top:0;margin-bottom:0;height:1rem\" aria-hidden=\"true\" class=\"wp-block-spacer\"><\/div>\n\n\n\n<div style=\"margin-top:0;margin-bottom:0;height:100px\" aria-hidden=\"true\" class=\"wp-block-spacer\"><\/div>\n\n\n\n<h2 class=\"wp-block-heading has-text-color has-large-font-size\" id=\"\u00c0-propos\" style=\"color:#f19101;margin-bottom:0\">\u00c0 propos<\/h2>\n\n\n\n<div class=\"wp-block-columns is-layout-flex wp-container-28\" style=\"padding-top:0\">\n<div class=\"wp-block-column is-layout-flow\">\n<p><\/p>\n<p style=\"text-align: justify; padding: 0 1rem var(--wp--preset--spacing--50) 0;\">Aussi bien dans l&#8217;exploitation que d\u00e9sormais dans la distribution, Cin\u00e9 M\u00e9diterran\u00e9e poursuit son envie de promouvoir et de d\u00e9fendre des films m\u00e9diterran\u00e9ens qui passent en dessous des radars car ils s&#8217;affranchissent souvent des standards cin\u00e9matographiques. La seule condition qui pr\u00e9side au choix des films que nous accompagnons, c&#8217;est <strong><em>le coup de coeur<\/em><\/strong>.<\/p>\n\n\n\n<p><\/p>\n\n\n\n<p>Code CNC : 05875<\/p>\n<\/div>\n\n\n\n<div class=\"wp-block-column is-layout-flow\">\n<figure class=\"wp-block-gallery has-nested-images columns-default is-cropped wp-block-gallery-25 is-layout-flex\">\n<figure class=\"wp-block-image size-full\"><a href=\"https:\/\/cinemediterranee-distribution.fr\/wp-content\/uploads\/2023\/05\/logo-cine-mediterranee-detouree-edited-1.png\"><img decoding=\"async\" loading=\"lazy\" width=\"1638\" height=\"1024\" src=\"https:\/\/cinemediterranee-distribution.fr\/wp-content\/uploads\/2023\/05\/logo-cine-mediterranee-detouree-edited-2.png\" alt=\"\" class=\"wp-image-170\" srcset=\"https:\/\/cinemediterranee-distribution.fr\/wp-content\/uploads\/2023\/05\/logo-cine-mediterranee-detouree-edited-2.png 1638w, https:\/\/cinemediterranee-distribution.fr\/wp-content\/uploads\/2023\/05\/logo-cine-mediterranee-detouree-edited-2-300x188.png 300w, https:\/\/cinemediterranee-distribution.fr\/wp-content\/uploads\/2023\/05\/logo-cine-mediterranee-detouree-edited-2-1024x640.png 1024w, https:\/\/cinemediterranee-distribution.fr\/wp-content\/uploads\/2023\/05\/logo-cine-mediterranee-detouree-edited-2-768x480.png 768w, https:\/\/cinemediterranee-distribution.fr\/wp-content\/uploads\/2023\/05\/logo-cine-mediterranee-detouree-edited-2-1536x960.png 1536w\" sizes=\"(max-width: 1638px) 100vw, 1638px\" \/><\/a><\/figure>\n<\/figure>\n<\/div>\n<\/div>\n\n\n\n<div style=\"margin-top:0;margin-bottom:0;height:150px\" aria-hidden=\"true\" class=\"wp-block-spacer\"><\/div>\n","protected":false},"excerpt":{"rendered":"<p>F\u00e9lix et moi TITRE F\u00c9LIX ET MOI R\u00c9ALISATEUR LUC BENITO ACTEURS CHARLES BERLING ET FRAN\u00c7OIS MOREL ANN\u00c9E DE PRODUCTION 2022 DUR\u00c9E 1H38 (98min) PAYS FRANCE DATE DE SORTIE 24 janvier 2024 PRODUCTION LES FILMS DU SIOU BLANC GENRE DOCUMENTAIRE VISA 159523 R\u00e9sum\u00e9 Dans F\u00e9lix et moi, le spectateur part sur les traces de Mayol, la &hellip;<\/p>\n<p class=\"read-more\"> <a class=\"\" href=\"https:\/\/cinemediterranee-distribution.fr\/\"> <span class=\"screen-reader-text\">Accueil<\/span> Lire la suite\u00a0\u00bb<\/a><\/p>\n","protected":false},"author":1,"featured_media":0,"parent":0,"menu_order":0,"comment_status":"closed","ping_status":"closed","template":"","meta":{"site-sidebar-layout":"default","site-content-layout":"default","ast-global-header-display":"","ast-banner-title-visibility":"","ast-main-header-display":"","ast-hfb-above-header-display":"","ast-hfb-below-header-display":"","ast-hfb-mobile-header-display":"","site-post-title":"disabled","ast-breadcrumbs-content":"","ast-featured-img":"","footer-sml-layout":"","theme-transparent-header-meta":"default","adv-header-id-meta":"","stick-header-meta":"","header-above-stick-meta":"","header-main-stick-meta":"","header-below-stick-meta":""},"_links":{"self":[{"href":"https:\/\/cinemediterranee-distribution.fr\/index.php?rest_route=\/wp\/v2\/pages\/29"}],"collection":[{"href":"https:\/\/cinemediterranee-distribution.fr\/index.php?rest_route=\/wp\/v2\/pages"}],"about":[{"href":"https:\/\/cinemediterranee-distribution.fr\/index.php?rest_route=\/wp\/v2\/types\/page"}],"author":[{"embeddable":true,"href":"https:\/\/cinemediterranee-distribution.fr\/index.php?rest_route=\/wp\/v2\/users\/1"}],"replies":[{"embeddable":true,"href":"https:\/\/cinemediterranee-distribution.fr\/index.php?rest_route=%2Fwp%2Fv2%2Fcomments&post=29"}],"version-history":[{"count":339,"href":"https:\/\/cinemediterranee-distribution.fr\/index.php?rest_route=\/wp\/v2\/pages\/29\/revisions"}],"predecessor-version":[{"id":601,"href":"https:\/\/cinemediterranee-distribution.fr\/index.php?rest_route=\/wp\/v2\/pages\/29\/revisions\/601"}],"wp:attachment":[{"href":"https:\/\/cinemediterranee-distribution.fr\/index.php?rest_route=%2Fwp%2Fv2%2Fmedia&parent=29"}],"curies":[{"name":"wp","href":"https:\/\/api.w.org\/{rel}","templated":true}]}}